{"id":893,"date":"2017-03-04T07:56:32","date_gmt":"2017-03-04T07:56:32","guid":{"rendered":"http:\/\/colegio.ciutadella.salesianos.edu\/?page_id=893"},"modified":"2026-07-08T14:21:01","modified_gmt":"2026-07-08T14:21:01","slug":"afa","status":"publish","type":"page","link":"https:\/\/ciutadella.salesians.cat\/escola\/afa\/","title":{"rendered":"APIMA"},"content":{"rendered":"<p>[et_pb_section fb_built=\u00bb1&#8243; fullwidth=\u00bbon\u00bb _builder_version=\u00bb4.16&#8243; global_colors_info=\u00bb{}\u00bb][et_pb_fullwidth_header title=\u00bbA FA\u00bb subhead=\u00bbAssociaci\u00f3 de Fam\u00edlies d&#8217;Alumnes\u00bb content_max_width=\u00bbnone\u00bb title_font_color=\u00bb#ffffff\u00bb subhead_font_color=\u00bb#ffffff\u00bb module_class=\u00bbpagina-imagen-cabecera\u00bb _builder_version=\u00bb4.16&#8243; title_text_color=\u00bb#ffffff\u00bb title_font_size=\u00bb40px\u00bb subhead_text_color=\u00bb#ffffff\u00bb background_color=\u00bbrgba(255, 255, 255, 0)\u00bb background_image=\u00bbhttp:\/\/ciutadella.salesians.cat\/escola\/wp-content\/uploads\/sites\/2\/2017\/07\/fbk.png\u00bb background_layout=\u00bblight\u00bb button_one_letter_spacing_hover=\u00bb0&#8243; button_two_letter_spacing_hover=\u00bb0&#8243; background_url=\u00bbhttp:\/\/webpiloto.salesianos.edu\/wp-content\/uploads\/2017\/02\/ImagenPAGINA01.png\u00bb global_colors_info=\u00bb{}\u00bb button_one_text_size__hover_enabled=\u00bboff\u00bb button_one_text_size__hover=\u00bbnull\u00bb button_two_text_size__hover_enabled=\u00bboff\u00bb button_two_text_size__hover=\u00bbnull\u00bb button_one_text_color__hover_enabled=\u00bboff\u00bb button_one_text_color__hover=\u00bbnull\u00bb button_two_text_color__hover_enabled=\u00bboff\u00bb button_two_text_color__hover=\u00bbnull\u00bb button_one_border_width__hover_enabled=\u00bboff\u00bb button_one_border_width__hover=\u00bbnull\u00bb button_two_border_width__hover_enabled=\u00bboff\u00bb button_two_border_width__hover=\u00bbnull\u00bb button_one_border_color__hover_enabled=\u00bboff\u00bb button_one_border_color__hover=\u00bbnull\u00bb button_two_border_color__hover_enabled=\u00bboff\u00bb button_two_border_color__hover=\u00bbnull\u00bb button_one_border_radius__hover_enabled=\u00bboff\u00bb button_one_border_radius__hover=\u00bbnull\u00bb button_two_border_radius__hover_enabled=\u00bboff\u00bb button_two_border_radius__hover=\u00bbnull\u00bb button_one_letter_spacing__hover_enabled=\u00bbon\u00bb button_one_letter_spacing__hover=\u00bb0&#8243; button_two_letter_spacing__hover_enabled=\u00bbon\u00bb button_two_letter_spacing__hover=\u00bb0&#8243; button_one_bg_color__hover_enabled=\u00bboff\u00bb button_one_bg_color__hover=\u00bbnull\u00bb button_two_bg_color__hover_enabled=\u00bboff\u00bb button_two_bg_color__hover=\u00bbnull\u00bb]<br \/>\n[\/et_pb_fullwidth_header][\/et_pb_section][et_pb_section fb_built=\u00bb1&#8243; module_class=\u00bbpagina-seccion-contenido\u00bb _builder_version=\u00bb4.16&#8243; custom_padding=\u00bb-4%|||\u00bb transparent_background=\u00bboff\u00bb make_fullwidth=\u00bboff\u00bb use_custom_width=\u00bboff\u00bb width_unit=\u00bbon\u00bb global_colors_info=\u00bb{}\u00bb][et_pb_row module_class=\u00bbpagina-texto\u00bb _builder_version=\u00bb4.16&#8243; background_size=\u00bbinitial\u00bb background_position=\u00bbtop_left\u00bb background_repeat=\u00bbrepeat\u00bb make_fullwidth=\u00bboff\u00bb use_custom_width=\u00bboff\u00bb width_unit=\u00bbon\u00bb global_colors_info=\u00bb{}\u00bb][et_pb_column type=\u00bb4_4&#8243; _builder_version=\u00bb4.16&#8243; custom_padding=\u00bb|||\u00bb global_colors_info=\u00bb{}\u00bb custom_padding__hover=\u00bb|||\u00bb][et_pb_text _builder_version=\u00bb4.27.6&#8243; text_font_size=\u00bb15px\u00bb background_size=\u00bbinitial\u00bb background_position=\u00bbtop_left\u00bb background_repeat=\u00bbrepeat\u00bb vertical_offset_tablet=\u00bb0&#8243; horizontal_offset_tablet=\u00bb0&#8243; text_orientation=\u00bbjustified\u00bb hover_enabled=\u00bb0&#8243; z_index_tablet=\u00bb500&#8243; text_text_shadow_horizontal_length_tablet=\u00bb0px\u00bb text_text_shadow_vertical_length_tablet=\u00bb0px\u00bb text_text_shadow_blur_strength_tablet=\u00bb1px\u00bb link_text_shadow_horizontal_length_tablet=\u00bb0px\u00bb link_text_shadow_vertical_length_tablet=\u00bb0px\u00bb link_text_shadow_blur_strength_tablet=\u00bb1px\u00bb ul_text_shadow_horizontal_length_tablet=\u00bb0px\u00bb ul_text_shadow_vertical_length_tablet=\u00bb0px\u00bb ul_text_shadow_blur_strength_tablet=\u00bb1px\u00bb ol_text_shadow_horizontal_length_tablet=\u00bb0px\u00bb ol_text_shadow_vertical_length_tablet=\u00bb0px\u00bb ol_text_shadow_blur_strength_tablet=\u00bb1px\u00bb quote_text_shadow_horizontal_length_tablet=\u00bb0px\u00bb quote_text_shadow_vertical_length_tablet=\u00bb0px\u00bb quote_text_shadow_blur_strength_tablet=\u00bb1px\u00bb header_text_shadow_horizontal_length_tablet=\u00bb0px\u00bb header_text_shadow_vertical_length_tablet=\u00bb0px\u00bb header_text_shadow_blur_strength_tablet=\u00bb1px\u00bb header_2_text_shadow_horizontal_length_tablet=\u00bb0px\u00bb header_2_text_shadow_vertical_length_tablet=\u00bb0px\u00bb header_2_text_shadow_blur_strength_tablet=\u00bb1px\u00bb header_3_text_shadow_horizontal_length_tablet=\u00bb0px\u00bb header_3_text_shadow_vertical_length_tablet=\u00bb0px\u00bb header_3_text_shadow_blur_strength_tablet=\u00bb1px\u00bb header_4_text_shadow_horizontal_length_tablet=\u00bb0px\u00bb header_4_text_shadow_vertical_length_tablet=\u00bb0px\u00bb header_4_text_shadow_blur_strength_tablet=\u00bb1px\u00bb header_5_text_shadow_horizontal_length_tablet=\u00bb0px\u00bb header_5_text_shadow_vertical_length_tablet=\u00bb0px\u00bb header_5_text_shadow_blur_strength_tablet=\u00bb1px\u00bb header_6_text_shadow_horizontal_length_tablet=\u00bb0px\u00bb header_6_text_shadow_vertical_length_tablet=\u00bb0px\u00bb header_6_text_shadow_blur_strength_tablet=\u00bb1px\u00bb box_shadow_horizontal_tablet=\u00bb0px\u00bb box_shadow_vertical_tablet=\u00bb0px\u00bb box_shadow_blur_tablet=\u00bb40px\u00bb box_shadow_spread_tablet=\u00bb0px\u00bb global_colors_info=\u00bb{}\u00bb sticky_enabled=\u00bb0&#8243;]<\/p>\n<p class=\"isSelectedEnd\">L\u2019AFA Salesians Cal\u00f3s (Associaci\u00f3 de Fam\u00edlies d\u2019Alumnes) \u00e9s una entitat formada per fam\u00edlies del centre que treballa per col\u00b7laborar activament en la vida de l\u2019escola i contribuir a enfortir la comunitat educativa.<\/p>\n<p class=\"isSelectedEnd\">L\u2019associaci\u00f3 promou espais de participaci\u00f3, conviv\u00e8ncia i suport entre les fam\u00edlies, el centre i l\u2019alumnat, sempre amb la voluntat d\u2019acompanyar el creixement personal i educatiu dels infants i joves de l\u2019escola.<\/p>\n<p class=\"isSelectedEnd\">Al llarg del curs, l\u2019AFA impulsa i col\u00b7labora en diferents iniciatives i activitats, entre les quals destaquen:<\/p>\n<ul data-spread=\"false\">\n<li>Organitzaci\u00f3 i suport a activitats l\u00fadiques, culturals i solid\u00e0ries.<\/li>\n<li>Participaci\u00f3 en festes i celebracions de l\u2019escola.<\/li>\n<li>Col\u00b7laboraci\u00f3 amb projectes educatius i pastorals del centre.<\/li>\n<li>Suport a iniciatives de conviv\u00e8ncia i cohesi\u00f3 de la comunitat educativa.<\/li>\n<li>Coordinaci\u00f3 de propostes i necessitats de les fam\u00edlies.<\/li>\n<li>Participaci\u00f3 en \u00f2rgans de representaci\u00f3 i espais de di\u00e0leg amb el centre.<\/li>\n<\/ul>\n<p class=\"isSelectedEnd\">L\u2019AFA \u00e9s oberta a totes les fam\u00edlies que vulguin implicar-se i participar activament en la vida de l\u2019escola, aportant idees, temps i il\u00b7lusi\u00f3 per continuar construint comunitat.<\/p>\n<p>Podeu consultar el recull d\u2019activitats i iniciatives d\u2019aquest curs aqu\u00ed:<\/p>\n<p><a href=\"https:\/\/ciutadella.salesians.cat\/escola\/wp-content\/uploads\/sites\/2\/2026\/05\/Activitats_APIMA_25_26_ultracompress.pdf\" rel=\"attachment wp-att-6761\">Activitats_APIMA<\/a><\/p>\n<p><a href=\"https:\/\/ciutadella.salesians.cat\/escola\/wp-content\/uploads\/sites\/2\/2026\/07\/Info-AFA-agenda.pdf\" rel=\"attachment wp-att-6785\">Informaci\u00f3 AFA (com fer-te fam\u00edlia s\u00f2cia)<\/a><\/p>\n<p><img loading=\"lazy\" decoding=\"async\" class=\"wp-image-6760 alignnone size-large\" src=\"https:\/\/ciutadella.salesians.cat\/escola\/wp-content\/uploads\/sites\/2\/2026\/05\/IMG_0330_wordpress-1024x768.jpg\" alt=\"\" width=\"430\" height=\"322\" \/><img loading=\"lazy\" decoding=\"async\" class=\"alignnone wp-image-6771\" src=\"https:\/\/ciutadella.salesians.cat\/escola\/wp-content\/uploads\/sites\/2\/2026\/05\/Image_20260519_201407_773-1-1024x1024.jpeg\" alt=\"\" width=\"355\" height=\"355\" style=\"font-size: 15px; font-family: Arial, Helvetica, Arial, Lucida, sans-serif;\" \/><\/p>\n<p>[\/et_pb_text][et_pb_cta title=\u00bbContacta amb l&#8217;APIMA\u00bb _builder_version=\u00bb4.27.4&#8243; min_height=\u00bb103px\u00bb custom_padding=\u00bb||28px|||\u00bb border_style=\u00bbsolid\u00bb button_letter_spacing_hover=\u00bb0&#8243; global_colors_info=\u00bb{}\u00bb button_text_size__hover_enabled=\u00bboff\u00bb button_text_size__hover=\u00bbnull\u00bb button_one_text_size__hover_enabled=\u00bboff\u00bb button_one_text_size__hover=\u00bbnull\u00bb button_two_text_size__hover_enabled=\u00bboff\u00bb button_two_text_size__hover=\u00bbnull\u00bb button_text_color__hover_enabled=\u00bboff\u00bb button_text_color__hover=\u00bbnull\u00bb button_one_text_color__hover_enabled=\u00bboff\u00bb button_one_text_color__hover=\u00bbnull\u00bb button_two_text_color__hover_enabled=\u00bboff\u00bb button_two_text_color__hover=\u00bbnull\u00bb button_border_width__hover_enabled=\u00bboff\u00bb button_border_width__hover=\u00bbnull\u00bb button_one_border_width__hover_enabled=\u00bboff\u00bb button_one_border_width__hover=\u00bbnull\u00bb button_two_border_width__hover_enabled=\u00bboff\u00bb button_two_border_width__hover=\u00bbnull\u00bb button_border_color__hover_enabled=\u00bboff\u00bb button_border_color__hover=\u00bbnull\u00bb button_one_border_color__hover_enabled=\u00bboff\u00bb button_one_border_color__hover=\u00bbnull\u00bb button_two_border_color__hover_enabled=\u00bboff\u00bb button_two_border_color__hover=\u00bbnull\u00bb button_border_radius__hover_enabled=\u00bboff\u00bb button_border_radius__hover=\u00bbnull\u00bb button_one_border_radius__hover_enabled=\u00bboff\u00bb button_one_border_radius__hover=\u00bbnull\u00bb button_two_border_radius__hover_enabled=\u00bboff\u00bb button_two_border_radius__hover=\u00bbnull\u00bb button_letter_spacing__hover_enabled=\u00bbon\u00bb button_letter_spacing__hover=\u00bb0&#8243; button_one_letter_spacing__hover_enabled=\u00bboff\u00bb button_one_letter_spacing__hover=\u00bbnull\u00bb button_two_letter_spacing__hover_enabled=\u00bboff\u00bb button_two_letter_spacing__hover=\u00bbnull\u00bb button_bg_color__hover_enabled=\u00bboff\u00bb button_bg_color__hover=\u00bbnull\u00bb button_one_bg_color__hover_enabled=\u00bboff\u00bb button_one_bg_color__hover=\u00bbnull\u00bb button_two_bg_color__hover_enabled=\u00bboff\u00bb button_two_bg_color__hover=\u00bbnull\u00bb]<\/p>\n<p>Correu electr\u00f2nic: afa@ciutadella.salesians.cat<\/p>\n<p>[\/et_pb_cta][et_pb_social_media_follow _builder_version=\u00bb4.20.0&#8243; _module_preset=\u00bbdefault\u00bb text_orientation=\u00bbcenter\u00bb global_colors_info=\u00bb{}\u00bb][et_pb_social_media_follow_network social_network=\u00bbfacebook\u00bb _builder_version=\u00bb4.20.0&#8243; _module_preset=\u00bbdefault\u00bb background_color=\u00bb#3b5998&#8243; global_colors_info=\u00bb{}\u00bb follow_button=\u00bboff\u00bb url_new_window=\u00bbon\u00bb]facebook[\/et_pb_social_media_follow_network][et_pb_social_media_follow_network social_network=\u00bbinstagram\u00bb url=\u00bbhttps:\/\/www.instagram.com\/apima_calos\/\u00bb _builder_version=\u00bb4.20.0&#8243; _module_preset=\u00bbdefault\u00bb background_color=\u00bb#ea2c59&#8243; global_colors_info=\u00bb{}\u00bb follow_button=\u00bboff\u00bb url_new_window=\u00bbon\u00bb]instagram[\/et_pb_social_media_follow_network][et_pb_social_media_follow_network social_network=\u00bbgoogle\u00bb url=\u00bbhttp:\/\/apima@ciutadella.salesians.cat\u00bb _builder_version=\u00bb4.20.0&#8243; _module_preset=\u00bbdefault\u00bb background_color=\u00bb#4285f4&#8243; global_colors_info=\u00bb{}\u00bb follow_button=\u00bboff\u00bb url_new_window=\u00bbon\u00bb]google[\/et_pb_social_media_follow_network][\/et_pb_social_media_follow][\/et_pb_column][\/et_pb_row][\/et_pb_section]<\/p>\n","protected":false},"excerpt":{"rendered":"<p>L\u2019AFA Salesians Cal\u00f3s (Associaci\u00f3 de Fam\u00edlies d\u2019Alumnes) \u00e9s una entitat formada per fam\u00edlies del centre que treballa per col\u00b7laborar activament en la vida de l\u2019escola i contribuir a enfortir la comunitat educativa. L\u2019associaci\u00f3 promou espais de participaci\u00f3, conviv\u00e8ncia i suport entre les fam\u00edlies, el centre i l\u2019alumnat, sempre amb la voluntat d\u2019acompanyar el creixement personal [&hellip;]<\/p>\n","protected":false},"author":2,"featured_media":0,"parent":0,"menu_order":0,"comment_status":"closed","ping_status":"closed","template":"","meta":{"_et_pb_use_builder":"on","_et_pb_old_content":"","_et_gb_content_width":"","footnotes":""},"class_list":["post-893","page","type-page","status-publish","hentry"],"yoast_head":"<!-- This site is optimized with the Yoast SEO plugin v28.3 - https:\/\/yoast.com\/product\/yoast-seo-wordpress\/ -->\n<title>APIMA - Escola<\/title>\n<meta name=\"robots\" content=\"index, follow, max-snippet:-1, max-image-preview:large, max-video-preview:-1\" \/>\n<link rel=\"canonical\" href=\"https:\/\/ciutadella.salesians.cat\/escola\/afa\/\" \/>\n<meta property=\"og:locale\" content=\"es_ES\" \/>\n<meta property=\"og:type\" content=\"article\" \/>\n<meta property=\"og:title\" content=\"APIMA - Escola\" \/>\n<meta property=\"og:description\" content=\"L\u2019AFA Salesians Cal\u00f3s (Associaci\u00f3 de Fam\u00edlies d\u2019Alumnes) \u00e9s una entitat formada per fam\u00edlies del centre que treballa per col\u00b7laborar activament en la vida de l\u2019escola i contribuir a enfortir la comunitat educativa. L\u2019associaci\u00f3 promou espais de participaci\u00f3, conviv\u00e8ncia i suport entre les fam\u00edlies, el centre i l\u2019alumnat, sempre amb la voluntat d\u2019acompanyar el creixement personal [&hellip;]\" \/>\n<meta property=\"og:url\" content=\"https:\/\/ciutadella.salesians.cat\/escola\/afa\/\" \/>\n<meta property=\"og:site_name\" content=\"Escola\" \/>\n<meta property=\"article:modified_time\" content=\"2026-07-08T14:21:01+00:00\" \/>\n<meta property=\"og:image\" content=\"https:\/\/ciutadella.salesians.cat\/escola\/wp-content\/uploads\/sites\/2\/2026\/05\/IMG_0330_wordpress.jpg\" \/>\n\t<meta property=\"og:image:width\" content=\"1600\" \/>\n\t<meta property=\"og:image:height\" content=\"1200\" \/>\n\t<meta property=\"og:image:type\" content=\"image\/jpeg\" \/>\n<meta name=\"twitter:card\" content=\"summary_large_image\" \/>\n<meta name=\"twitter:label1\" content=\"Tiempo de lectura\" \/>\n\t<meta name=\"twitter:data1\" content=\"2 minutos\" \/>\n<script type=\"application\/ld+json\" class=\"yoast-schema-graph\">{\"@context\":\"https:\\\/\\\/schema.org\",\"@graph\":[{\"@type\":\"WebPage\",\"@id\":\"https:\\\/\\\/ciutadella.salesians.cat\\\/escola\\\/afa\\\/\",\"url\":\"https:\\\/\\\/ciutadella.salesians.cat\\\/escola\\\/afa\\\/\",\"name\":\"APIMA - Escola\",\"isPartOf\":{\"@id\":\"https:\\\/\\\/ciutadella.salesians.cat\\\/escola\\\/#website\"},\"primaryImageOfPage\":{\"@id\":\"https:\\\/\\\/ciutadella.salesians.cat\\\/escola\\\/afa\\\/#primaryimage\"},\"image\":{\"@id\":\"https:\\\/\\\/ciutadella.salesians.cat\\\/escola\\\/afa\\\/#primaryimage\"},\"thumbnailUrl\":\"https:\\\/\\\/ciutadella.salesians.cat\\\/escola\\\/wp-content\\\/uploads\\\/sites\\\/2\\\/2026\\\/05\\\/IMG_0330_wordpress-1024x768.jpg\",\"datePublished\":\"2017-03-04T07:56:32+00:00\",\"dateModified\":\"2026-07-08T14:21:01+00:00\",\"breadcrumb\":{\"@id\":\"https:\\\/\\\/ciutadella.salesians.cat\\\/escola\\\/afa\\\/#breadcrumb\"},\"inLanguage\":\"es\",\"potentialAction\":[{\"@type\":\"ReadAction\",\"target\":[\"https:\\\/\\\/ciutadella.salesians.cat\\\/escola\\\/afa\\\/\"]}]},{\"@type\":\"ImageObject\",\"inLanguage\":\"es\",\"@id\":\"https:\\\/\\\/ciutadella.salesians.cat\\\/escola\\\/afa\\\/#primaryimage\",\"url\":\"https:\\\/\\\/ciutadella.salesians.cat\\\/escola\\\/wp-content\\\/uploads\\\/sites\\\/2\\\/2026\\\/05\\\/IMG_0330_wordpress.jpg\",\"contentUrl\":\"https:\\\/\\\/ciutadella.salesians.cat\\\/escola\\\/wp-content\\\/uploads\\\/sites\\\/2\\\/2026\\\/05\\\/IMG_0330_wordpress.jpg\",\"width\":1600,\"height\":1200},{\"@type\":\"BreadcrumbList\",\"@id\":\"https:\\\/\\\/ciutadella.salesians.cat\\\/escola\\\/afa\\\/#breadcrumb\",\"itemListElement\":[{\"@type\":\"ListItem\",\"position\":1,\"name\":\"Inici\",\"item\":\"https:\\\/\\\/ciutadella.salesians.cat\\\/escola\\\/\"},{\"@type\":\"ListItem\",\"position\":2,\"name\":\"APIMA\"}]},{\"@type\":\"WebSite\",\"@id\":\"https:\\\/\\\/ciutadella.salesians.cat\\\/escola\\\/#website\",\"url\":\"https:\\\/\\\/ciutadella.salesians.cat\\\/escola\\\/\",\"name\":\"Escola\",\"description\":\"P\u00e0gina oficial de Salesians Ciutadella\",\"potentialAction\":[{\"@type\":\"SearchAction\",\"target\":{\"@type\":\"EntryPoint\",\"urlTemplate\":\"https:\\\/\\\/ciutadella.salesians.cat\\\/escola\\\/?s={search_term_string}\"},\"query-input\":{\"@type\":\"PropertyValueSpecification\",\"valueRequired\":true,\"valueName\":\"search_term_string\"}}],\"inLanguage\":\"es\"}]}<\/script>\n<!-- \/ Yoast SEO plugin. -->","yoast_head_json":{"title":"APIMA - Escola","robots":{"index":"index","follow":"follow","max-snippet":"max-snippet:-1","max-image-preview":"max-image-preview:large","max-video-preview":"max-video-preview:-1"},"canonical":"https:\/\/ciutadella.salesians.cat\/escola\/afa\/","og_locale":"es_ES","og_type":"article","og_title":"APIMA - Escola","og_description":"L\u2019AFA Salesians Cal\u00f3s (Associaci\u00f3 de Fam\u00edlies d\u2019Alumnes) \u00e9s una entitat formada per fam\u00edlies del centre que treballa per col\u00b7laborar activament en la vida de l\u2019escola i contribuir a enfortir la comunitat educativa. L\u2019associaci\u00f3 promou espais de participaci\u00f3, conviv\u00e8ncia i suport entre les fam\u00edlies, el centre i l\u2019alumnat, sempre amb la voluntat d\u2019acompanyar el creixement personal [&hellip;]","og_url":"https:\/\/ciutadella.salesians.cat\/escola\/afa\/","og_site_name":"Escola","article_modified_time":"2026-07-08T14:21:01+00:00","og_image":[{"width":1600,"height":1200,"url":"https:\/\/ciutadella.salesians.cat\/escola\/wp-content\/uploads\/sites\/2\/2026\/05\/IMG_0330_wordpress.jpg","type":"image\/jpeg"}],"twitter_card":"summary_large_image","twitter_misc":{"Tiempo de lectura":"2 minutos"},"schema":{"@context":"https:\/\/schema.org","@graph":[{"@type":"WebPage","@id":"https:\/\/ciutadella.salesians.cat\/escola\/afa\/","url":"https:\/\/ciutadella.salesians.cat\/escola\/afa\/","name":"APIMA - Escola","isPartOf":{"@id":"https:\/\/ciutadella.salesians.cat\/escola\/#website"},"primaryImageOfPage":{"@id":"https:\/\/ciutadella.salesians.cat\/escola\/afa\/#primaryimage"},"image":{"@id":"https:\/\/ciutadella.salesians.cat\/escola\/afa\/#primaryimage"},"thumbnailUrl":"https:\/\/ciutadella.salesians.cat\/escola\/wp-content\/uploads\/sites\/2\/2026\/05\/IMG_0330_wordpress-1024x768.jpg","datePublished":"2017-03-04T07:56:32+00:00","dateModified":"2026-07-08T14:21:01+00:00","breadcrumb":{"@id":"https:\/\/ciutadella.salesians.cat\/escola\/afa\/#breadcrumb"},"inLanguage":"es","potentialAction":[{"@type":"ReadAction","target":["https:\/\/ciutadella.salesians.cat\/escola\/afa\/"]}]},{"@type":"ImageObject","inLanguage":"es","@id":"https:\/\/ciutadella.salesians.cat\/escola\/afa\/#primaryimage","url":"https:\/\/ciutadella.salesians.cat\/escola\/wp-content\/uploads\/sites\/2\/2026\/05\/IMG_0330_wordpress.jpg","contentUrl":"https:\/\/ciutadella.salesians.cat\/escola\/wp-content\/uploads\/sites\/2\/2026\/05\/IMG_0330_wordpress.jpg","width":1600,"height":1200},{"@type":"BreadcrumbList","@id":"https:\/\/ciutadella.salesians.cat\/escola\/afa\/#breadcrumb","itemListElement":[{"@type":"ListItem","position":1,"name":"Inici","item":"https:\/\/ciutadella.salesians.cat\/escola\/"},{"@type":"ListItem","position":2,"name":"APIMA"}]},{"@type":"WebSite","@id":"https:\/\/ciutadella.salesians.cat\/escola\/#website","url":"https:\/\/ciutadella.salesians.cat\/escola\/","name":"Escola","description":"P\u00e0gina oficial de Salesians Ciutadella","potentialAction":[{"@type":"SearchAction","target":{"@type":"EntryPoint","urlTemplate":"https:\/\/ciutadella.salesians.cat\/escola\/?s={search_term_string}"},"query-input":{"@type":"PropertyValueSpecification","valueRequired":true,"valueName":"search_term_string"}}],"inLanguage":"es"}]}},"_links":{"self":[{"href":"https:\/\/ciutadella.salesians.cat\/escola\/wp-json\/wp\/v2\/pages\/893","targetHints":{"allow":["GET"]}}],"collection":[{"href":"https:\/\/ciutadella.salesians.cat\/escola\/wp-json\/wp\/v2\/pages"}],"about":[{"href":"https:\/\/ciutadella.salesians.cat\/escola\/wp-json\/wp\/v2\/types\/page"}],"author":[{"embeddable":true,"href":"https:\/\/ciutadella.salesians.cat\/escola\/wp-json\/wp\/v2\/users\/2"}],"replies":[{"embeddable":true,"href":"https:\/\/ciutadella.salesians.cat\/escola\/wp-json\/wp\/v2\/comments?post=893"}],"version-history":[{"count":20,"href":"https:\/\/ciutadella.salesians.cat\/escola\/wp-json\/wp\/v2\/pages\/893\/revisions"}],"predecessor-version":[{"id":6786,"href":"https:\/\/ciutadella.salesians.cat\/escola\/wp-json\/wp\/v2\/pages\/893\/revisions\/6786"}],"wp:attachment":[{"href":"https:\/\/ciutadella.salesians.cat\/escola\/wp-json\/wp\/v2\/media?parent=893"}],"curies":[{"name":"wp","href":"https:\/\/api.w.org\/{rel}","templated":true}]}}